{"id":5173,"date":"2024-11-25T12:15:54","date_gmt":"2024-11-25T12:15:54","guid":{"rendered":"https:\/\/law.webdevbar.com\/?page_id=5173"},"modified":"2025-01-22T11:01:56","modified_gmt":"2025-01-22T11:01:56","slug":"arbeitsrecht","status":"publish","type":"page","link":"https:\/\/vaic.hr\/de\/arbeitsrecht\/","title":{"rendered":"Arbeitsrecht"},"content":{"rendered":"<div class=\"wpb-content-wrapper\"><p>[vc_row content_width=&#8220;grid&#8220; triangle_shape=&#8220;no&#8220; css=&#8220;.vc_custom_1447677425868{padding-top: 70px !important;}&#8220;][vc_column offset=&#8220;vc_col-lg-9 vc_col-md-12&#8243;][vc_empty_space height=&#8220;33px&#8220;]\n<h2 class=\"mkd-custom-font-holder\" style=\"font-size: 20px;line-height: 20px;font-weight: 900;text-align: left;color: #000000\" data-font-size= 20 data-line-height= 20>\n\tEinleitung<\/h2>[vc_empty_space height=&#8220;15px&#8220;][vc_column_text]<\/p>\n<p style=\"font-size: 18px;\">Das Arbeitsrecht in Kroatien umfasst ein breites Spektrum rechtlicher Fragen im Zusammenhang mit Arbeitsverh\u00e4ltnissen, Rechten und Pflichten von Arbeitnehmern und Arbeitgebern. Unsere Anwaltskanzlei bietet umfassende rechtliche Beratungsdienste an, um Ihnen bei der L\u00f6sung aller Aspekte des Arbeitsrechts zuhelfen, von der Gestaltung von Arbeitsvertr\u00e4gen \u00fcber die K\u00fcndigung von Arbeitsverh\u00e4ltnissen bis hin zum Schutz der Rechte von Arbeitnehmern und Arbeitgebern.<\/p>\n<p>[\/vc_column_text][vc_row_inner css=&#8220;.vc_custom_1447678838422{padding-top: 40px !important;padding-bottom: 10px !important;}&#8220;][vc_column_inner width=&#8220;1\/2&#8243;]\n<h2 class=\"mkd-custom-font-holder\" style=\"font-size: 16px;line-height: 20px;font-weight: 900;color: #000000\" data-font-size= 16 data-line-height= 20>\n\t<\/h2>[vc_empty_space height=&#8220;20px&#8220;]<div class=\"mkd-icon-list-item\">\n\t<div class=\"mkd-icon-list-icon-holder\">\n        <div class=\"mkd-icon-list-icon-holder-inner clearfix\" data-icon-size=18>\n\t\t\t<span aria-hidden=\"true\" class=\"mkd-icon-font-elegant icon_check \" style=\"color:#c18f59;font-size:18px\" ><\/span>\t\t<\/div>\n\t<\/div>\n\t<p class=\"mkd-icon-list-text\" style=\"color:#6a6a6a;font-size:18px;text-transform:none;font-weight:400\" data-title-size=18> Beendigung des Arbeitsvertrags<\/p>\n<\/div>[vc_empty_space height=&#8220;6px&#8220;]<div class=\"mkd-icon-list-item\">\n\t<div class=\"mkd-icon-list-icon-holder\">\n        <div class=\"mkd-icon-list-icon-holder-inner clearfix\" data-icon-size=18>\n\t\t\t<span aria-hidden=\"true\" class=\"mkd-icon-font-elegant icon_check \" style=\"color:#c18f59;font-size:18px\" ><\/span>\t\t<\/div>\n\t<\/div>\n\t<p class=\"mkd-icon-list-text\" style=\"color:#6a6a6a;font-size:18px;text-transform:none;font-weight:400\" data-title-size=18> Rechte der Arbeitnehmer nach der Beendigung<\/p>\n<\/div>[vc_empty_space height=&#8220;6px&#8220;]<div class=\"mkd-icon-list-item\">\n\t<div class=\"mkd-icon-list-icon-holder\">\n        <div class=\"mkd-icon-list-icon-holder-inner clearfix\" data-icon-size=18>\n\t\t\t<span aria-hidden=\"true\" class=\"mkd-icon-font-elegant icon_check \" style=\"color:#c18f59;font-size:18px\" ><\/span>\t\t<\/div>\n\t<\/div>\n\t<p class=\"mkd-icon-list-text\" style=\"color:#6a6a6a;font-size:18px;text-transform:none;font-weight:400\" data-title-size=18> Arbeitsverh\u00e4ltnisse und Regelungen<\/p>\n<\/div>[vc_empty_space height=&#8220;6px&#8220;]<div class=\"mkd-icon-list-item\">\n\t<div class=\"mkd-icon-list-icon-holder\">\n        <div class=\"mkd-icon-list-icon-holder-inner clearfix\" data-icon-size=18>\n\t\t\t<span aria-hidden=\"true\" class=\"mkd-icon-font-elegant icon_check \" style=\"color:#c18f59;font-size:18px\" ><\/span>\t\t<\/div>\n\t<\/div>\n\t<p class=\"mkd-icon-list-text\" style=\"color:#6a6a6a;font-size:18px;text-transform:none;font-weight:400\" data-title-size=18> Arbeitserlaubnis f\u00fcr Drittstaatsangeh\u00f6rige<\/p>\n<\/div>[vc_empty_space height=&#8220;6px&#8220;]<div class=\"mkd-icon-list-item\">\n\t<div class=\"mkd-icon-list-icon-holder\">\n        <div class=\"mkd-icon-list-icon-holder-inner clearfix\" data-icon-size=18>\n\t\t\t<span aria-hidden=\"true\" class=\"mkd-icon-font-elegant icon_check \" style=\"color:#c18f59;font-size:18px\" ><\/span>\t\t<\/div>\n\t<\/div>\n\t<p class=\"mkd-icon-list-text\" style=\"color:#6a6a6a;font-size:18px;text-transform:none;font-weight:400\" data-title-size=18> Rechte der Arbeitnehmer und Arbeitgeber<\/p>\n<\/div>[vc_empty_space height=&#8220;6px&#8220;]<div class=\"mkd-icon-list-item\">\n\t<div class=\"mkd-icon-list-icon-holder\">\n        <div class=\"mkd-icon-list-icon-holder-inner clearfix\" data-icon-size=18>\n\t\t\t<span aria-hidden=\"true\" class=\"mkd-icon-font-elegant icon_check \" style=\"color:#c18f59;font-size:18px\" ><\/span>\t\t<\/div>\n\t<\/div>\n\t<p class=\"mkd-icon-list-text\" style=\"color:#6a6a6a;font-size:18px;text-transform:none;font-weight:400\" data-title-size=18> Diskriminierung am Arbeitsplatz<\/p>\n<\/div>[vc_empty_space height=&#8220;6px&#8220;]<div class=\"mkd-icon-list-item\">\n\t<div class=\"mkd-icon-list-icon-holder\">\n        <div class=\"mkd-icon-list-icon-holder-inner clearfix\" data-icon-size=18>\n\t\t\t<span aria-hidden=\"true\" class=\"mkd-icon-font-elegant icon_check \" style=\"color:#c18f59;font-size:18px\" ><\/span>\t\t<\/div>\n\t<\/div>\n\t<p class=\"mkd-icon-list-text\" style=\"color:#6a6a6a;font-size:18px;text-transform:none;font-weight:400\" data-title-size=18> Kindergeld<\/p>\n<\/div>[vc_empty_space height=&#8220;6px&#8220;]<div class=\"mkd-icon-list-item\">\n\t<div class=\"mkd-icon-list-icon-holder\">\n        <div class=\"mkd-icon-list-icon-holder-inner clearfix\" data-icon-size=18>\n\t\t\t<span aria-hidden=\"true\" class=\"mkd-icon-font-elegant icon_check \" style=\"color:#c18f59;font-size:18px\" ><\/span>\t\t<\/div>\n\t<\/div>\n\t<p class=\"mkd-icon-list-text\" style=\"color:#6a6a6a;font-size:18px;text-transform:none;font-weight:400\" data-title-size=18> Tarifvertr\u00e4ge<\/p>\n<\/div>[vc_empty_space height=&#8220;6px&#8220;]<div class=\"mkd-icon-list-item\">\n\t<div class=\"mkd-icon-list-icon-holder\">\n        <div class=\"mkd-icon-list-icon-holder-inner clearfix\" data-icon-size=18>\n\t\t\t<span aria-hidden=\"true\" class=\"mkd-icon-font-elegant icon_check \" style=\"color:#c18f59;font-size:18px\" ><\/span>\t\t<\/div>\n\t<\/div>\n\t<p class=\"mkd-icon-list-text\" style=\"color:#6a6a6a;font-size:18px;text-transform:none;font-weight:400\" data-title-size=18> Datenschutz der Arbeitnehmer<\/p>\n<\/div>[vc_empty_space height=&#8220;6px&#8220;][\/vc_column_inner][vc_column_inner width=&#8220;1\/2&#8243;]\n<h2 class=\"mkd-custom-font-holder\" style=\"font-size: 16px;line-height: 20px;font-weight: 900;color: #000000\" data-font-size= 16 data-line-height= 20>\n\t<\/h2>[vc_empty_space height=&#8220;20px&#8220;]<div class=\"mkd-icon-list-item\">\n\t<div class=\"mkd-icon-list-icon-holder\">\n        <div class=\"mkd-icon-list-icon-holder-inner clearfix\" data-icon-size=18>\n\t\t\t<span aria-hidden=\"true\" class=\"mkd-icon-font-elegant icon_check \" style=\"color:#c18f59;font-size:18px\" ><\/span>\t\t<\/div>\n\t<\/div>\n\t<p class=\"mkd-icon-list-text\" style=\"color:#6a6a6a;font-size:18px;text-transform:none;font-weight:400\" data-title-size=18> Au\u00dferordentliche K\u00fcndigung<\/p>\n<\/div>[vc_empty_space height=&#8220;6px&#8220;]<div class=\"mkd-icon-list-item\">\n\t<div class=\"mkd-icon-list-icon-holder\">\n        <div class=\"mkd-icon-list-icon-holder-inner clearfix\" data-icon-size=18>\n\t\t\t<span aria-hidden=\"true\" class=\"mkd-icon-font-elegant icon_check \" style=\"color:#c18f59;font-size:18px\" ><\/span>\t\t<\/div>\n\t<\/div>\n\t<p class=\"mkd-icon-list-text\" style=\"color:#6a6a6a;font-size:18px;text-transform:none;font-weight:400\" data-title-size=18> Arbeitslosengeld in Kroatien<\/p>\n<\/div>[vc_empty_space height=&#8220;6px&#8220;]<div class=\"mkd-icon-list-item\">\n\t<div class=\"mkd-icon-list-icon-holder\">\n        <div class=\"mkd-icon-list-icon-holder-inner clearfix\" data-icon-size=18>\n\t\t\t<span aria-hidden=\"true\" class=\"mkd-icon-font-elegant icon_check \" style=\"color:#c18f59;font-size:18px\" ><\/span>\t\t<\/div>\n\t<\/div>\n\t<p class=\"mkd-icon-list-text\" style=\"color:#6a6a6a;font-size:18px;text-transform:none;font-weight:400\" data-title-size=18> Entwurf eines Arbeitsvertrags<\/p>\n<\/div>[vc_empty_space height=&#8220;6px&#8220;]<div class=\"mkd-icon-list-item\">\n\t<div class=\"mkd-icon-list-icon-holder\">\n        <div class=\"mkd-icon-list-icon-holder-inner clearfix\" data-icon-size=18>\n\t\t\t<span aria-hidden=\"true\" class=\"mkd-icon-font-elegant icon_check \" style=\"color:#c18f59;font-size:18px\" ><\/span>\t\t<\/div>\n\t<\/div>\n\t<p class=\"mkd-icon-list-text\" style=\"color:#6a6a6a;font-size:18px;text-transform:none;font-weight:400\" data-title-size=18> Einstellung<\/p>\n<\/div>[vc_empty_space height=&#8220;6px&#8220;]<div class=\"mkd-icon-list-item\">\n\t<div class=\"mkd-icon-list-icon-holder\">\n        <div class=\"mkd-icon-list-icon-holder-inner clearfix\" data-icon-size=18>\n\t\t\t<span aria-hidden=\"true\" class=\"mkd-icon-font-elegant icon_check \" style=\"color:#c18f59;font-size:18px\" ><\/span>\t\t<\/div>\n\t<\/div>\n\t<p class=\"mkd-icon-list-text\" style=\"color:#6a6a6a;font-size:18px;text-transform:none;font-weight:400\" data-title-size=18> Mobbing am Arbeitsplatz<\/p>\n<\/div>[vc_empty_space height=&#8220;6px&#8220;]<div class=\"mkd-icon-list-item\">\n\t<div class=\"mkd-icon-list-icon-holder\">\n        <div class=\"mkd-icon-list-icon-holder-inner clearfix\" data-icon-size=18>\n\t\t\t<span aria-hidden=\"true\" class=\"mkd-icon-font-elegant icon_check \" style=\"color:#c18f59;font-size:18px\" ><\/span>\t\t<\/div>\n\t<\/div>\n\t<p class=\"mkd-icon-list-text\" style=\"color:#6a6a6a;font-size:18px;text-transform:none;font-weight:400\" data-title-size=18> Arbeitsunfall<\/p>\n<\/div>[vc_empty_space height=&#8220;6px&#8220;]<div class=\"mkd-icon-list-item\">\n\t<div class=\"mkd-icon-list-icon-holder\">\n        <div class=\"mkd-icon-list-icon-holder-inner clearfix\" data-icon-size=18>\n\t\t\t<span aria-hidden=\"true\" class=\"mkd-icon-font-elegant icon_check \" style=\"color:#c18f59;font-size:18px\" ><\/span>\t\t<\/div>\n\t<\/div>\n\t<p class=\"mkd-icon-list-text\" style=\"color:#6a6a6a;font-size:18px;text-transform:none;font-weight:400\" data-title-size=18> Tarifvertr\u00e4ge und Arbeitsbedingungen<\/p>\n<\/div>[vc_empty_space height=&#8220;6px&#8220;]<div class=\"mkd-icon-list-item\">\n\t<div class=\"mkd-icon-list-icon-holder\">\n        <div class=\"mkd-icon-list-icon-holder-inner clearfix\" data-icon-size=18>\n\t\t\t<span aria-hidden=\"true\" class=\"mkd-icon-font-elegant icon_check \" style=\"color:#c18f59;font-size:18px\" ><\/span>\t\t<\/div>\n\t<\/div>\n\t<p class=\"mkd-icon-list-text\" style=\"color:#6a6a6a;font-size:18px;text-transform:none;font-weight:400\" data-title-size=18> Regelungen zu Arbeitszeiten<\/p>\n<\/div>[vc_empty_space height=&#8220;6px&#8220;]<div class=\"mkd-icon-list-item\">\n\t<div class=\"mkd-icon-list-icon-holder\">\n        <div class=\"mkd-icon-list-icon-holder-inner clearfix\" data-icon-size=18>\n\t\t\t<span aria-hidden=\"true\" class=\"mkd-icon-font-elegant icon_check \" style=\"color:#c18f59;font-size:18px\" ><\/span>\t\t<\/div>\n\t<\/div>\n\t<p class=\"mkd-icon-list-text\" style=\"color:#6a6a6a;font-size:18px;text-transform:none;font-weight:400\" data-title-size=18> Anspr\u00fcche im Arbeitsrecht<\/p>\n<\/div>[vc_empty_space height=&#8220;6px&#8220;][\/vc_column_inner][\/vc_row_inner][vc_row_inner css=&#8220;.vc_custom_1447678838422{padding-top: 40px !important;padding-bottom: 10px !important;}&#8220;][vc_column_inner]\n<h2 class=\"mkd-custom-font-holder\" style=\"font-size: 16px;line-height: 20px;font-weight: 900;color: #000000\" data-font-size= 16 data-line-height= 20>\n\tK\u00fcndigung des Arbeitsvertrags<\/h2>[vc_empty_space height=&#8220;20px&#8220;][vc_column_text]<\/p>\n<p style=\"font-size: 18px;\"><strong>K\u00fcndigung des Arbeitsvertrags:<\/strong> Wir bieten rechtliche Beratung und Unterst\u00fctzung im Falle einer ordentlichen oder au\u00dferordentlichen K\u00fcndigung unter Einhaltung aller gesetzlichen Bestimmungen.<\/p>\n<p>[\/vc_column_text][vc_empty_space height=&#8220;10px&#8220;][vc_column_text]<\/p>\n<p style=\"font-size: 18px;\"><strong>Au\u00dferordentliche K\u00fcndigung des Arbeitsvertrags:<\/strong> Wir beraten Sie in F\u00e4llen, in denen der Arbeitgeber oder der Arbeitnehmer das Arbeitsverh\u00e4ltnis au\u00dferordentlich beenden m\u00f6chte, in \u00dcbereinstimmung mit dem Arbeitsgesetz.<\/p>\n<p>[\/vc_column_text][vc_empty_space height=&#8220;20px&#8220;]\n<h2 class=\"mkd-custom-font-holder\" style=\"font-size: 16px;line-height: 20px;font-weight: 900;color: #000000\" data-font-size= 16 data-line-height= 20>\n\tRechte der Arbeitnehmer nach der K\u00fcndigung<\/h2>[vc_empty_space height=&#8220;20px&#8220;][vc_column_text]<\/p>\n<p style=\"font-size: 18px;\"><strong>Rechte der Arbeitnehmer nach der K\u00fcndigung:<\/strong> Wir informieren Sie ausf\u00fchrlich \u00fcber die Rechte der Arbeitnehmer nach Beendigung des Arbeitsverh\u00e4ltnisses, einschlie\u00dflich des Anspruchs auf Abfindung, Arbeitslosengeld und soziale Rechte, und unterst\u00fctzen Sie bei deren Durchsetzung.<\/p>\n<p>[\/vc_column_text][vc_empty_space height=&#8220;10px&#8220;][vc_column_text]<\/p>\n<p style=\"font-size: 18px;\"><strong>Arbeitslosengeld in Kroatien:<\/strong> Wir helfen Ihnen bei der Durchsetzung des Anspruchs auf Arbeitslosengeld gem\u00e4\u00df den Vorschriften des kroatischen Arbeitsamtes.<\/p>\n<p>[\/vc_column_text][vc_empty_space height=&#8220;20px&#8220;]\n<h2 class=\"mkd-custom-font-holder\" style=\"font-size: 16px;line-height: 20px;font-weight: 900;color: #000000\" data-font-size= 16 data-line-height= 20>\n\tArbeitsverh\u00e4ltnisse und Vorschriften<\/h2>[vc_empty_space height=&#8220;20px&#8220;][vc_column_text]<\/p>\n<p style=\"font-size: 18px;\"><strong><span dir=\"ltr\" role=\"presentation\"><span tabindex=\"0\">Erstellung von Arbeitsvertr\u00e4gen<\/span><\/span>:<\/strong> Wir beraten Sie bei der Erstellung von Arbeitsvertr\u00e4gen, um Ihre Interesse als Arbeitgeber oder Arbeitnehmer zusch\u00fctzen, und bieten auch die Dienstleistung der Vertragsgestaltung an.<\/p>\n<p>[\/vc_column_text][vc_empty_space height=&#8220;10px&#8220;][vc_column_text]<\/p>\n<p style=\"font-size: 18px;\"><strong>Arbeitserlaubnis in Kroatien:<\/strong> Wir bieten rechtliche Unterst\u00fctzung im Verfahren zur Erlangung einer Arbeitserlaubnis f\u00fcr Drittstaatsangeh\u00f6rige.<\/p>\n<p>[\/vc_column_text][vc_empty_space height=&#8220;10px&#8220;][vc_column_text]<\/p>\n<p style=\"font-size: 18px;\"><strong>Arbeit von Drittstaatsangeh\u00f6rigen:<\/strong> Wir informieren Sie \u00fcber die gesetzlichen Anforderungen und Verfahren zur Besch\u00e4ftigung von Arbeitnehmern aus Nicht-EU-L\u00e4ndern.<\/p>\n<p>[\/vc_column_text][vc_empty_space height=&#8220;10px&#8220;][vc_column_text]<\/p>\n<p style=\"font-size: 18px;\"><strong><span dir=\"ltr\" role=\"presentation\"><span tabindex=\"0\">Arbeitnehmer\u00fcberlassung<\/span><\/span>:<\/strong> Wir sorgen daf\u00fcr, dass die T\u00e4tigkeit von Arbeitsvermittlungsagenturen den gesetzlichen Vorschriften entspricht.<\/p>\n<p>[\/vc_column_text][vc_empty_space height=&#8220;20px&#8220;]\n<h2 class=\"mkd-custom-font-holder\" style=\"font-size: 16px;line-height: 20px;font-weight: 900;color: #000000\" data-font-size= 16 data-line-height= 20>\n\tRechte der Arbeitgeber und Arbeitnehmer<\/h2>[vc_empty_space height=&#8220;20px&#8220;][vc_column_text]<\/p>\n<p style=\"font-size: 18px;\"><strong>Mobbing am Arbeitsplatz:<\/strong> Wir beraten Sie \u00fcber die Rechte der Arbeitnehmer in F\u00e4llen von Bel\u00e4stigung oder Diskriminierung am Arbeitsplatz.<\/p>\n<p>[\/vc_column_text][vc_empty_space height=&#8220;10px&#8220;][vc_column_text]<\/p>\n<p style=\"font-size: 18px;\"><strong>Diskriminierung am Arbeitsplatz:<\/strong> Wir bieten rechtlichen Beistand und Schutz in F\u00e4llen von Diskriminierung aufgrund von Geschlecht, Rasse, Alter oder anderen gesetzlich verbotenen Diskriminierungsformen.<\/p>\n<p>[\/vc_column_text][vc_empty_space height=&#8220;10px&#8220;][vc_column_text]<\/p>\n<p style=\"font-size: 18px;\"><strong>Arbeitsunfall:<\/strong> Wir helfen Ihnen bei Verfahren zur Schadensersatzforderung und Durchsetzung Ihrer Rechte im Falle eines Arbeitsunfalls.<\/p>\n<p>[\/vc_column_text][vc_empty_space height=&#8220;10px&#8220;][vc_column_text]<\/p>\n<p style=\"font-size: 18px;\"><strong>Arbeitnehmerrechte:<\/strong> Wir beraten und unterst\u00fctzen Sie bei der Durchsetzung aller Arbeitnehmerrechte (z.B. Anspruch auf Kindergeld).<\/p>\n<p>[\/vc_column_text][vc_empty_space height=&#8220;20px&#8220;]\n<h2 class=\"mkd-custom-font-holder\" style=\"font-size: 16px;line-height: 20px;font-weight: 900;color: #000000\" data-font-size= 16 data-line-height= 20>\n\tKollektivvertr\u00e4ge und Arbeitsbedingungen<\/h2>[vc_empty_space height=&#8220;20px&#8220;][vc_column_text]<\/p>\n<p style=\"font-size: 18px;\"><strong>Kollektivvertr\u00e4ge:<\/strong> Wir bieten Beratung zu den Verhandlungen und dem Abschluss von Kollektivvertr\u00e4gen zwischen Arbeitgebern und Arbeitnehmergewerkschaften an.<\/p>\n<p>[\/vc_column_text][vc_empty_space height=&#8220;10px&#8220;][vc_column_text]<\/p>\n<p style=\"font-size: 18px;\"><strong>Entscheidungen zu Arbeitsbedingungen:<\/strong> Wir helfen Ihnen dabei, die Rechtm\u00e4\u00dfigkeit der Entscheidungen des Arbeitgebers \u00fcber Arbeitszeiten, \u00dcberstunden und freie Tage sicherzustellen.<\/p>\n<p>[\/vc_column_text][vc_empty_space height=&#8220;20px&#8220;]\n<h2 class=\"mkd-custom-font-holder\" style=\"font-size: 16px;line-height: 20px;font-weight: 900;color: #000000\" data-font-size= 16 data-line-height= 20>\n\tSchutz der Arbeitnehmerrechte<\/h2>[vc_empty_space height=&#8220;20px&#8220;][vc_column_text]<\/p>\n<p style=\"font-size: 18px;\"><strong><span dir=\"ltr\" role=\"presentation\"><span tabindex=\"0\">Schutz der Mitarbeiterdaten<\/span><\/span>:<\/strong> Wir bieten rechtlichen Beistand in Bezug auf die ordnungsgem\u00e4\u00dfe Speicherung und Verarbeitung von personenbezogenen Daten der Mitarbeiter gem\u00e4\u00df dem Datenschutzgesetz.<\/p>\n<p>[\/vc_column_text][vc_empty_space height=&#8220;10px&#8220;][vc_column_text]<\/p>\n<p style=\"font-size: 18px;\"><strong>Arbeitsrechtliche Klagen:<\/strong> Wir vertreten Sie in allen Gerichtsverfahren im Zusammenhang mit Arbeitsverh\u00e4ltnissen, einschlie\u00dflich K\u00fcndigungsstreitigkeiten, Diskriminierungsf\u00e4llen, Arbeitnehmerrechten sowie Streitigkeiten wegen Verst\u00f6\u00dfen gegen das Arbeitsschutzgesetz<\/p>\n<p>[\/vc_column_text][vc_empty_space height=&#8220;20px&#8220;][\/vc_column_inner][\/vc_row_inner]\n<h2 class=\"mkd-custom-font-holder\" style=\"font-size: 20px;line-height: 20px;font-weight: 900;color: #000000\" data-font-size= 20 data-line-height= 20>\n\tSchlussfolgerung<\/h2>[vc_empty_space height=&#8220;15px&#8220;][vc_column_text]<\/p>\n<p style=\"font-size: 18px;\">Arbeitsverh\u00e4ltnisse in Kroatien k\u00f6nnen komplex sein und erfordern gr\u00fcndliche Kenntnisse der gesetzlichen Vorschriften. Unsere Anwaltskanzlei bietet umfassenderechtliche Unterst\u00fctzung, um die Einhaltung der Rechte von Arbeitnehmern und Arbeitgebern sicherzustellen, von der Vertragsgestaltung bis hin zur Streitbeilegung.<\/p>\n<p>[\/vc_column_text][vc_empty_space height=&#8220;15px&#8220;]<div class=\"mkd-separator-holder clearfix  mkd-separator-center\" style=\"height: 10px\">\n\t<div class=\"mkd-separator\" style=\"border-color: #c18f59;width: 100%;border-bottom-width: 10pxpx\"><\/div>\n<\/div>\n\n<h2 class=\"mkd-custom-font-holder\" style=\"font-size: 25px;font-weight: 400;text-align: left;color: #000000\" data-font-size= 25px>\n\tH\u00e4ufig gestellte Fragen<\/h2>[vc_empty_space height=&#8220;25px&#8220;]<div class=\"mkd-accordion-holder clearfix mkd-accordion mkd-initial \">\n\t<h6 class=\"clearfix mkd-title-holder\">\n\t<span class=\"mkd-accordion-mark mkd-left-mark\">\n\t\t<span class=\"mkd-accordion-mark-icon\">\n\t\t\t<i class=\"icon-arrow-down-circle\"><\/i>\n\t\t<\/span>\n\t<\/span>\n\t<span class=\"mkd-tab-title\" style=\"padding: 13px 0\">\n\t\t<span class=\"mkd-tab-title-inner\">\n\t\t\tWelche Folgen hat eine au\u00dferordentliche K\u00fcndigung des Arbeitsvertrags?\t\t<\/span>\n\t<\/span>\n<\/h6><div class=\"mkd-accordion-content\">\n\t<div class=\"mkd-accordion-content-inner\" style=\"padding: 11px 15px 20px 15px\">\n\t\t[vc_column_text]Eine au\u00dferordentliche K\u00fcndigung f\u00fchrt zu einer sofortigen Beendigung des Arbeitsverh\u00e4ltnisses ohne K\u00fcndigungsfrist, darf jedoch nur inau\u00dfergew\u00f6hnlichen Situationen und mit stichhaltigen Nachweisen f\u00fcr eineschwere Verletzung der Arbeitsverpflichtungen ausgesprochen werden.[\/vc_column_text]\t<\/div>\n<\/div>\n<h6 class=\"clearfix mkd-title-holder\">\n\t<span class=\"mkd-accordion-mark mkd-left-mark\">\n\t\t<span class=\"mkd-accordion-mark-icon\">\n\t\t\t<i class=\"icon-arrow-down-circle\"><\/i>\n\t\t<\/span>\n\t<\/span>\n\t<span class=\"mkd-tab-title\" style=\"padding: 13px 0\">\n\t\t<span class=\"mkd-tab-title-inner\">\n\t\t\tWie hoch ist das Arbeitslosengeld in Kroatien?\t\t<\/span>\n\t<\/span>\n<\/h6><div class=\"mkd-accordion-content\">\n\t<div class=\"mkd-accordion-content-inner\" style=\"padding: 11px 15px 20px 15px\">\n\t\t[vc_column_text]Die H\u00f6he des Arbeitslosengeldes h\u00e4ngt von der Dauer der vorherigen Besch\u00e4ftigung ab und kann nach der Anmeldung beim kroatischen Arbeitsamtbezogen werden.[\/vc_column_text]\t<\/div>\n<\/div>\n<h6 class=\"clearfix mkd-title-holder\">\n\t<span class=\"mkd-accordion-mark mkd-left-mark\">\n\t\t<span class=\"mkd-accordion-mark-icon\">\n\t\t\t<i class=\"icon-arrow-down-circle\"><\/i>\n\t\t<\/span>\n\t<\/span>\n\t<span class=\"mkd-tab-title\" style=\"padding: 13px 0\">\n\t\t<span class=\"mkd-tab-title-inner\">\n\t\t\tWelche Voraussetzungen m\u00fcssen f\u00fcr eine Arbeitserlaubnis in Kroatien erf\u00fcllt sein?\t\t<\/span>\n\t<\/span>\n<\/h6><div class=\"mkd-accordion-content\">\n\t<div class=\"mkd-accordion-content-inner\" style=\"padding: 11px 15px 20px 15px\">\n\t\t[vc_column_text]Drittstaatsangeh\u00f6rige k\u00f6nnen eine Arbeitserlaubnis erhalten, wenn sie die im Ausl\u00e4ndergesetz festgelegten Bedingungen erf\u00fcllen und einen Arbeitsvertrag mit einem Arbeitgeber in Kroatien abgeschlossen haben.[\/vc_column_text]\t<\/div>\n<\/div>\n<h6 class=\"clearfix mkd-title-holder\">\n\t<span class=\"mkd-accordion-mark mkd-left-mark\">\n\t\t<span class=\"mkd-accordion-mark-icon\">\n\t\t\t<i class=\"icon-arrow-down-circle\"><\/i>\n\t\t<\/span>\n\t<\/span>\n\t<span class=\"mkd-tab-title\" style=\"padding: 13px 0\">\n\t\t<span class=\"mkd-tab-title-inner\">\n\t\t\tWas sind Kollektivvertr\u00e4ge?\t\t<\/span>\n\t<\/span>\n<\/h6><div class=\"mkd-accordion-content\">\n\t<div class=\"mkd-accordion-content-inner\" style=\"padding: 11px 15px 20px 15px\">\n\t\t[vc_column_text]Kollektivvertr\u00e4ge sind Vereinbarungen zwischen Arbeitgebern und Arbeitnehmergewerkschaften, die Arbeitsbedingungen, L\u00f6hne und andere wichtige Aspekte eines Arbeitsverh\u00e4ltnisses regeln.[\/vc_column_text]\t<\/div>\n<\/div>\n<\/div>[vc_empty_space height=&#8220;70px&#8220;]\n\n\t<div class=\"mkd-call-to-action with-icon\" style=\"background-color: #f2f2f2;border: 1px solid #d8d8d8;\">\n\n\t\t\t\t\t<div class=\"mkd-call-to-action-row-66-33 clearfix\" style=\"padding: 2%;\">\n\t\t\n\t\t\t\t<div class=\"mkd-text-wrapper mkd-call-to-action-column1 mkd-call-to-action-cell\">\n\n\t\t\t\t\t\t\t\t\t<div class=\"mkd-call-to-action-icon-holder\">\n\t\t\t\t\t\t<div class=\"mkd-call-to-action-icon\">\n\t\t\t\t\t\t\t<div class=\"mkd-call-to-action-icon-inner\">\n\t\t\t\t\t\t\t\t<i class=\"mkd-icon-simple-line-icon icon-globe \" style=\"font-size: 33px; ;color: #c18f59; \" ><\/i>\t\t\t\t\t\t\t<\/div>\n\t\t\t\t\t\t<\/div>\n\t\t\t\t\t<\/div>\n\t\t\t\t\n\t\t\t\t\t<div class=\"mkd-call-to-action-text\" >\n\t\t\t\t\t\t<h3><span style=\"color: #222222;\">Brauchen Sie Hilfe bei rechtlichen Angelegenheiten? Kontaktieren Sie uns jetzt.<\/span><\/h3>\n\t\t\t\t\t<\/div>\n\n\t\t\t\t<\/div>\n\n\t\t\t\t\n\t\t\t\t\t<div class=\"mkd-button-wrapper mkd-call-to-action-column2 mkd-call-to-action-cell\" style =\"text-align: right ;\">\n\n\t\t\t\t\t\t<a href=\"\/de\/kontakt\/\" target=\"_self\" style=\"background-color: #3e475d\" class=\"mkd-btn mkd-btn-medium mkd-btn-solid mkd-btn-icon\"  >    <span class=\"mkd-btn-text\"  >Kontaktieren Sie uns jetzt<\/span><span class=\"mkd-btn-icon-holder\">            <span aria-hidden=\"true\" class=\"mkd-icon-font-elegant arrow_carrot-right mkd-btn-icon-elem\" ><\/span>            <span aria-hidden=\"true\" class=\"mkd-icon-font-elegant arrow_carrot-right mkd-btn-icon-elem\" ><\/span>        <\/span>    <\/a>\n\t\t\t\t\t<\/div>\n\n\t\t\t\t\n\t\t\t<\/div>\n\n\t\t\n\t<\/div>\n\n[vc_empty_space height=&#8220;70px&#8220;][\/vc_column][vc_column width=&#8220;1\/2&#8243; offset=&#8220;vc_col-lg-offset-0 vc_col-lg-3 vc_col-md-offset-3 vc_col-md-6 vc_col-sm-offset-3&#8243; css=&#8220;.vc_custom_1448019881202{padding-right: 0px !important;padding-left: 0px !important;}&#8220;]<div class=\"mkd-elements-holder mkd-responsive-mode-768\" ><div class=\"mkd-elements-holder-item mkd-horizontal-alignment-left\" >\n\t<div class=\"mkd-elements-holder-item-inner\">\n\t\t<div class=\"mkd-elements-holder-item-content mkd-elements-holder-custom-574930\" style=\"padding: 0px 15px\">\n\t\t\t\t\t\t[vc_widget_sidebar sidebar_id=&#8220;practice-areas&#8220;]\t\t<\/div>\n\t<\/div>\n<\/div><\/div>[vc_empty_space height=&#8220;70px&#8220;][\/vc_column][\/vc_row][vc_row triangle_shape=&#8220;no&#8220;][vc_column][vc_row_inner][vc_column_inner][\/vc_column_inner][\/vc_row_inner][\/vc_column][\/vc_row]<\/p>\n<\/div>","protected":false},"excerpt":{"rendered":"<p>[vc_row content_width=&#8220;grid&#8220; triangle_shape=&#8220;no&#8220; css=&#8220;.vc_custom_1447677425868{padding-top: 70px !important;}&#8220;][vc_column offset=&#8220;vc_col-lg-9 vc_col-md-12&#8243;][vc_empty_space height=&#8220;33px&#8220;][vc_empty_space height=&#8220;15px&#8220;][vc_column_text] Das Arbeitsrecht in Kroatien umfasst ein breites Spektrum rechtlicher Fragen im Zusammenhang mit Arbeitsverh\u00e4ltnissen, Rechten und Pflichten von Arbeitnehmern und Arbeitgebern. Unsere Anwaltskanzlei bietet umfassende rechtliche Beratungsdienste an, um Ihnen bei der L\u00f6sung aller Aspekte des Arbeitsrechts zuhelfen, von der Gestaltung von Arbeitsvertr\u00e4gen \u00fcber die K\u00fcndigung von Arbeitsverh\u00e4ltnissen bis hin zum Schutz der Rechte von Arbeitnehmern und Arbeitgebern. [\/vc_column_text][vc_row_inner css=&#8220;.vc_custom_1447678838422{padding-top: 40px !important;padding-bottom: 10px !important;}&#8220;][vc_column_inner width=&#8220;1\/2&#8243;][vc_empty_space height=&#8220;20px&#8220;][vc_empty_space height=&#8220;6px&#8220;][vc_empty_space height=&#8220;6px&#8220;][vc_empty_space height=&#8220;6px&#8220;][vc_empty_space height=&#8220;6px&#8220;][vc_empty_space height=&#8220;6px&#8220;][vc_empty_space height=&#8220;6px&#8220;][vc_empty_space height=&#8220;6px&#8220;][vc_empty_space height=&#8220;6px&#8220;][vc_empty_space height=&#8220;6px&#8220;][\/vc_column_inner][vc_column_inner width=&#8220;1\/2&#8243;][vc_empty_space height=&#8220;20px&#8220;][vc_empty_space height=&#8220;6px&#8220;][vc_empty_space height=&#8220;6px&#8220;][vc_empty_space height=&#8220;6px&#8220;][vc_empty_space height=&#8220;6px&#8220;][vc_empty_space height=&#8220;6px&#8220;][vc_empty_space height=&#8220;6px&#8220;][vc_empty_space height=&#8220;6px&#8220;][vc_empty_space height=&#8220;6px&#8220;][vc_empty_space height=&#8220;6px&#8220;][\/vc_column_inner][\/vc_row_inner][vc_row_inner css=&#8220;.vc_custom_1447678838422{padding-top: 40px !important;padding-bottom: 10px&#8230;<\/p>\n","protected":false},"author":2,"featured_media":0,"parent":0,"menu_order":0,"comment_status":"closed","ping_status":"closed","template":"full-width.php","meta":{"footnotes":""},"class_list":["post-5173","page","type-page","status-publish","hentry"],"yoast_head":"<!-- This site is optimized with the Yoast SEO plugin v26.6 - https:\/\/yoast.com\/wordpress\/plugins\/seo\/ -->\n<title>Arbeitsrecht | Rijeka, Kroatien | Vaic &amp; Dvornicic<\/title>\n<meta name=\"description\" content=\"Professionelle Unterst\u00fctzung im Arbeitsrecht in Kroatien. Ihre Kanzlei f\u00fcr Arbeitnehmerrechte, K\u00fcndigungsschutz und Arbeitsvertr\u00e4ge\" \/>\n<meta name=\"robots\" content=\"index, follow, max-snippet:-1, max-image-preview:large, max-video-preview:-1\" \/>\n<link rel=\"canonical\" href=\"https:\/\/vaic.hr\/de\/arbeitsrecht\/\" \/>\n<meta property=\"og:locale\" content=\"de_DE\" \/>\n<meta property=\"og:type\" content=\"article\" \/>\n<meta property=\"og:title\" content=\"Arbeitsrecht | Rijeka, Kroatien | Vaic &amp; Dvornicic\" \/>\n<meta property=\"og:description\" content=\"Professionelle Unterst\u00fctzung im Arbeitsrecht in Kroatien. Ihre Kanzlei f\u00fcr Arbeitnehmerrechte, K\u00fcndigungsschutz und Arbeitsvertr\u00e4ge\" \/>\n<meta property=\"og:url\" content=\"https:\/\/vaic.hr\/de\/arbeitsrecht\/\" \/>\n<meta property=\"og:site_name\" content=\"Anwaltsgesellschaft Vai\u0107 &amp; Dvorni\u010di\u0107 G. m. b. H.\" \/>\n<meta property=\"article:modified_time\" content=\"2025-01-22T11:01:56+00:00\" \/>\n<meta name=\"twitter:card\" content=\"summary_large_image\" \/>\n<meta name=\"twitter:label1\" content=\"Gesch\u00e4tzte Lesezeit\" \/>\n\t<meta name=\"twitter:data1\" content=\"6\u00a0Minuten\" \/>\n<script type=\"application\/ld+json\" class=\"yoast-schema-graph\">{\"@context\":\"https:\/\/schema.org\",\"@graph\":[{\"@type\":\"WebPage\",\"@id\":\"https:\/\/vaic.hr\/de\/arbeitsrecht\/\",\"url\":\"https:\/\/vaic.hr\/de\/arbeitsrecht\/\",\"name\":\"Arbeitsrecht | Rijeka, Kroatien | Vaic & Dvornicic\",\"isPartOf\":{\"@id\":\"https:\/\/vaic.hr\/de\/#website\"},\"datePublished\":\"2024-11-25T12:15:54+00:00\",\"dateModified\":\"2025-01-22T11:01:56+00:00\",\"description\":\"Professionelle Unterst\u00fctzung im Arbeitsrecht in Kroatien. Ihre Kanzlei f\u00fcr Arbeitnehmerrechte, K\u00fcndigungsschutz und Arbeitsvertr\u00e4ge\",\"breadcrumb\":{\"@id\":\"https:\/\/vaic.hr\/de\/arbeitsrecht\/#breadcrumb\"},\"inLanguage\":\"de\",\"potentialAction\":[{\"@type\":\"ReadAction\",\"target\":[\"https:\/\/vaic.hr\/de\/arbeitsrecht\/\"]}]},{\"@type\":\"BreadcrumbList\",\"@id\":\"https:\/\/vaic.hr\/de\/arbeitsrecht\/#breadcrumb\",\"itemListElement\":[{\"@type\":\"ListItem\",\"position\":1,\"name\":\"Po\u010detna stranica\",\"item\":\"https:\/\/vaic.hr\/de\/\"},{\"@type\":\"ListItem\",\"position\":2,\"name\":\"Arbeitsrecht\"}]},{\"@type\":\"WebSite\",\"@id\":\"https:\/\/vaic.hr\/de\/#website\",\"url\":\"https:\/\/vaic.hr\/de\/\",\"name\":\"Anwaltsgesellschaft Vai\u0107 &amp; Dvorni\u010di\u0107 G. m. b. H.\",\"description\":\"Pravno savjetovanje i zastupanje od 1938.g. u Republici Hrvatsko\",\"potentialAction\":[{\"@type\":\"SearchAction\",\"target\":{\"@type\":\"EntryPoint\",\"urlTemplate\":\"https:\/\/vaic.hr\/de\/?s={search_term_string}\"},\"query-input\":{\"@type\":\"PropertyValueSpecification\",\"valueRequired\":true,\"valueName\":\"search_term_string\"}}],\"inLanguage\":\"de\"}]}<\/script>\n<!-- \/ Yoast SEO plugin. -->","yoast_head_json":{"title":"Arbeitsrecht | Rijeka, Kroatien | Vaic & Dvornicic","description":"Professionelle Unterst\u00fctzung im Arbeitsrecht in Kroatien. Ihre Kanzlei f\u00fcr Arbeitnehmerrechte, K\u00fcndigungsschutz und Arbeitsvertr\u00e4ge","robots":{"index":"index","follow":"follow","max-snippet":"max-snippet:-1","max-image-preview":"max-image-preview:large","max-video-preview":"max-video-preview:-1"},"canonical":"https:\/\/vaic.hr\/de\/arbeitsrecht\/","og_locale":"de_DE","og_type":"article","og_title":"Arbeitsrecht | Rijeka, Kroatien | Vaic & Dvornicic","og_description":"Professionelle Unterst\u00fctzung im Arbeitsrecht in Kroatien. Ihre Kanzlei f\u00fcr Arbeitnehmerrechte, K\u00fcndigungsschutz und Arbeitsvertr\u00e4ge","og_url":"https:\/\/vaic.hr\/de\/arbeitsrecht\/","og_site_name":"Anwaltsgesellschaft Vai\u0107 &amp; Dvorni\u010di\u0107 G. m. b. H.","article_modified_time":"2025-01-22T11:01:56+00:00","twitter_card":"summary_large_image","twitter_misc":{"Gesch\u00e4tzte Lesezeit":"6\u00a0Minuten"},"schema":{"@context":"https:\/\/schema.org","@graph":[{"@type":"WebPage","@id":"https:\/\/vaic.hr\/de\/arbeitsrecht\/","url":"https:\/\/vaic.hr\/de\/arbeitsrecht\/","name":"Arbeitsrecht | Rijeka, Kroatien | Vaic & Dvornicic","isPartOf":{"@id":"https:\/\/vaic.hr\/de\/#website"},"datePublished":"2024-11-25T12:15:54+00:00","dateModified":"2025-01-22T11:01:56+00:00","description":"Professionelle Unterst\u00fctzung im Arbeitsrecht in Kroatien. Ihre Kanzlei f\u00fcr Arbeitnehmerrechte, K\u00fcndigungsschutz und Arbeitsvertr\u00e4ge","breadcrumb":{"@id":"https:\/\/vaic.hr\/de\/arbeitsrecht\/#breadcrumb"},"inLanguage":"de","potentialAction":[{"@type":"ReadAction","target":["https:\/\/vaic.hr\/de\/arbeitsrecht\/"]}]},{"@type":"BreadcrumbList","@id":"https:\/\/vaic.hr\/de\/arbeitsrecht\/#breadcrumb","itemListElement":[{"@type":"ListItem","position":1,"name":"Po\u010detna stranica","item":"https:\/\/vaic.hr\/de\/"},{"@type":"ListItem","position":2,"name":"Arbeitsrecht"}]},{"@type":"WebSite","@id":"https:\/\/vaic.hr\/de\/#website","url":"https:\/\/vaic.hr\/de\/","name":"Anwaltsgesellschaft Vai\u0107 &amp; Dvorni\u010di\u0107 G. m. b. H.","description":"Pravno savjetovanje i zastupanje od 1938.g. u Republici Hrvatsko","potentialAction":[{"@type":"SearchAction","target":{"@type":"EntryPoint","urlTemplate":"https:\/\/vaic.hr\/de\/?s={search_term_string}"},"query-input":{"@type":"PropertyValueSpecification","valueRequired":true,"valueName":"search_term_string"}}],"inLanguage":"de"}]}},"_links":{"self":[{"href":"https:\/\/vaic.hr\/de\/wp-json\/wp\/v2\/pages\/5173","targetHints":{"allow":["GET"]}}],"collection":[{"href":"https:\/\/vaic.hr\/de\/wp-json\/wp\/v2\/pages"}],"about":[{"href":"https:\/\/vaic.hr\/de\/wp-json\/wp\/v2\/types\/page"}],"author":[{"embeddable":true,"href":"https:\/\/vaic.hr\/de\/wp-json\/wp\/v2\/users\/2"}],"replies":[{"embeddable":true,"href":"https:\/\/vaic.hr\/de\/wp-json\/wp\/v2\/comments?post=5173"}],"version-history":[{"count":10,"href":"https:\/\/vaic.hr\/de\/wp-json\/wp\/v2\/pages\/5173\/revisions"}],"predecessor-version":[{"id":6529,"href":"https:\/\/vaic.hr\/de\/wp-json\/wp\/v2\/pages\/5173\/revisions\/6529"}],"wp:attachment":[{"href":"https:\/\/vaic.hr\/de\/wp-json\/wp\/v2\/media?parent=5173"}],"curies":[{"name":"wp","href":"https:\/\/api.w.org\/{rel}","templated":true}]}}